{"id":4843,"date":"2023-09-25T20:28:31","date_gmt":"2023-09-25T18:28:31","guid":{"rendered":"https:\/\/cosiam.net\/?page_id=4843"},"modified":"2023-09-25T20:37:09","modified_gmt":"2023-09-25T18:37:09","slug":"noticias","status":"publish","type":"page","link":"https:\/\/cosiam.net\/index.php\/noticias\/","title":{"rendered":"Noticias"},"content":{"rendered":"\t\t<div data-elementor-type=\"wp-page\" data-elementor-id=\"4843\" class=\"elementor elementor-4843\">\n\t\t\t\t\t\t<section class=\"elementor-section elementor-top-section elementor-element elementor-element-29563e4 elementor-section-boxed elementor-section-height-default elementor-section-height-default\" data-id=\"29563e4\" data-element_type=\"section\" data-e-type=\"section\" data-settings=\"{&quot;background_background&quot;:&quot;classic&quot;}\">\n\t\t\t\t\t\t\t<div class=\"elementor-background-overlay\"><\/div>\n\t\t\t\t\t\t\t<div class=\"elementor-container elementor-column-gap-no\">\n\t\t\t\t\t<div class=\"elementor-column elementor-col-100 elementor-top-column elementor-element elementor-element-566ab8a\" data-id=\"566ab8a\" data-element_type=\"column\" data-e-type=\"column\">\n\t\t\t<div class=\"elementor-widget-wrap elementor-element-populated\">\n\t\t\t\t\t\t<div class=\"elementor-element elementor-element-be789ec animated-slow elementor-widget__width-initial elementor-invisible elementor-widget elementor-widget-heading\" data-id=\"be789ec\" data-element_type=\"widget\" data-e-type=\"widget\" data-settings=\"{&quot;_animation&quot;:&quot;ova-move-left&quot;,&quot;_animation_tablet&quot;:&quot;none&quot;,&quot;_animation_delay&quot;:100}\" data-widget_type=\"heading.default\">\n\t\t\t\t<div class=\"elementor-widget-container\">\n\t\t\t\t\t<h2 class=\"elementor-heading-title elementor-size-default\">Noticias<\/h2>\t\t\t\t<\/div>\n\t\t\t\t<\/div>\n\t\t\t\t\t<\/div>\n\t\t<\/div>\n\t\t\t\t\t<\/div>\n\t\t<\/section>\n\t\t\t\t<section class=\"elementor-section elementor-top-section elementor-element elementor-element-26446abe elementor-section-boxed elementor-section-height-default elementor-section-height-default\" data-id=\"26446abe\" data-element_type=\"section\" data-e-type=\"section\">\n\t\t\t\t\t\t<div class=\"elementor-container elementor-column-gap-default\">\n\t\t\t\t\t<div class=\"elementor-column elementor-col-100 elementor-top-column elementor-element elementor-element-a8a2152 elementor-hidden-tablet elementor-hidden-mobile\" data-id=\"a8a2152\" data-element_type=\"column\" data-e-type=\"column\" data-settings=\"{&quot;background_background&quot;:&quot;classic&quot;}\">\n\t\t\t<div class=\"elementor-widget-wrap\">\n\t\t\t\t\t\t\t<\/div>\n\t\t<\/div>\n\t\t\t\t\t<\/div>\n\t\t<\/section>\n\t\t<div class=\"elementor-element elementor-element-338cf7ea e-flex e-con-boxed e-con e-parent\" data-id=\"338cf7ea\" data-element_type=\"container\" data-e-type=\"container\">\n\t\t\t\t\t<div class=\"e-con-inner\">\n\t\t\t\t<div class=\"elementor-element elementor-element-9473808 elementor-widget elementor-widget-podover_elementor_blog_grid_1\" data-id=\"9473808\" data-element_type=\"widget\" data-e-type=\"widget\" data-widget_type=\"podover_elementor_blog_grid_1.default\">\n\t\t\t\t<div class=\"elementor-widget-container\">\n\t\t\t\t\t\t\t\n\t\t<ul class=\"ova-blog columns2\">\n\t\t\t\t\t\t\t<li class=\"item \">\n\n\t\t\t\t    <div class=\"media\">\n\t\t\t        \t\t\t\t        \t<img decoding=\"async\" src=\"https:\/\/cosiam.net\/wp-content\/uploads\/2022\/06\/post1.jpg\" alt=\"Colombian Conference on Automatic Control CCAC 2023\">\n\t\t\t        \t\n\t\t\t        \t\n\t\t\t\t\t\t\t\t\t\t\t\t    <div class=\"post-date\">\n\t\t\t\t\t\t\t\t<span class=\"right-j \">22<\/span>\n\t\t\t\t\t\t\t\t<span class=\"right-f yf \">marzo<\/span>\n\t\t\t\t\t\t    <\/div>\n\t\t\t\t\t    \n\t\t\t\t\t\t\n\t\t\t        <\/div>\n\n\t\t\t\t\t<div class=\"content\">\n\t\t\t\t        <ul class=\"post-meta\">\n\t\t\t\t\t    \t\n\t\t\t\t\t\t    \t\t\t\t\t\t\t\t<li class=\"item-meta wp-author\">\n\t\t\t\t\t\t\t    \t<span class=\"left author\">\n\t\t\t\t\t\t\t    \t \t<i class=\"fas fa-user-circle\"><\/i>\n\t\t\t\t\t\t\t    \t<\/span>\n\t\t\t\t\t\t\t\t    <span class=\"right post-author\">\n\t\t\t\t\t\t\t        \t<a href=\"https:\/\/cosiam.net\/index.php\/author\/infocosiam-net\/\">\n\t\t\t\t\t\t\t        \t\tinfo@cosiam.net\t\t\t\t\t\t\t        \t<\/a>\n\t\t\t\t\t\t\t\t    <\/span>\n\t\t\t\t\t\t\t    <\/li>\n\t\t\t\t\t\t\t\n\t\t\t\t\t\t\t\t\t\t\t\t\t\t\t<li class=\"item-meta comment\">\n\t\t\t\t\t\t\t\t\t<span class=\"left author\">\n\t\t\t\t\t\t\t    \t \t<i class=\"fas fa-comments\"><\/i>\n\t\t\t\t\t\t\t    \t<\/span>\n\t\t\t\t\t\t\t\t\t\n\t\t\t\t\t\t\t\t\t<span class=\"right comment\">\n\t\t\t\t\t\t\t\t\t\t<a href=\"https:\/\/cosiam.net\/index.php\/2023\/03\/22\/bringing-podcasts-to-life\/#respond\"> 0 Comment<\/a>\t\t\t\t\t\t\t\t\t<\/span>\n\t\t\t\t\t\t\t\t\t              \n\t\t\t\t\t\t\t\t<\/li>\n\t\t\t\t\t\t\t\t\t\t\t\t\t\t\n\t\t\t\t\t    <\/ul>\n\t\t\t\t\t\n\n\t\t\t\t\t\t\t\t\t\t            <h2 class=\"post-title\">\n\t\t\t\t\t\t        <a href=\"https:\/\/cosiam.net\/index.php\/2023\/03\/22\/bringing-podcasts-to-life\/\" rel=\"bookmark\" title=\"Colombian Conference on Automatic Control CCAC 2023\">\n\t\t\t\t\t\t          Colombian Conference on Automatic Control CCAC 2023\t\t\t\t\t\t        <\/a>\n\t\t\t\t\t\t    <\/h2>\n\t\t\t\t\t    \n\t\t\t\t\t    \t\t\t\t\t\t    <div class=\"short_desc\">\n\t\t\t\t\t\t    \t<p>POPAY\u00c1N-COLOMBIA.\u00a0\u00a0October 17-20 2023. The 6th IEEE Colombian Conference on Automatic Control (CCAC) will be held on October 17-20, 2023, in Popay\u00e1n-Colombia. The CCAC is the premier biannual international conference that gathers academic and industrial researchers and practitioners to discuss state-of-the-art research, advances, and applications of control engineering to encourage technology development in Colombia and the [&hellip;]<\/p>\n\t\t\t\t\t\t    <\/div>\n\t\t\t\t\t\t\n\t\t\t\t\t    \t\t\t\t\t<\/div>\n\t\t\t\t\t\t\n\t\t\t\t<\/li>\t\n\t\t\t\t\t\t\n\t\t\t\t\t\t\t\t<li class=\"item \">\n\n\t\t\t\t    <div class=\"media\">\n\t\t\t        \t\t\t\t        \t<img decoding=\"async\" src=\"https:\/\/cosiam.net\/wp-content\/uploads\/2022\/06\/post2.jpg\" alt=\"Inici\u00f3 la Escuela de Matem\u00e1ticas Aplicadas EMAI 2022\">\n\t\t\t        \t\n\t\t\t        \t\n\t\t\t\t\t\t\t\t\t\t\t\t    <div class=\"post-date\">\n\t\t\t\t\t\t\t\t<span class=\"right-j \">25<\/span>\n\t\t\t\t\t\t\t\t<span class=\"right-f yf \">julio<\/span>\n\t\t\t\t\t\t    <\/div>\n\t\t\t\t\t    \n\t\t\t\t\t\t\n\t\t\t        <\/div>\n\n\t\t\t\t\t<div class=\"content\">\n\t\t\t\t        <ul class=\"post-meta\">\n\t\t\t\t\t    \t\n\t\t\t\t\t\t    \t\t\t\t\t\t\t\t<li class=\"item-meta wp-author\">\n\t\t\t\t\t\t\t    \t<span class=\"left author\">\n\t\t\t\t\t\t\t    \t \t<i class=\"fas fa-user-circle\"><\/i>\n\t\t\t\t\t\t\t    \t<\/span>\n\t\t\t\t\t\t\t\t    <span class=\"right post-author\">\n\t\t\t\t\t\t\t        \t<a href=\"https:\/\/cosiam.net\/index.php\/author\/infocosiam-net\/\">\n\t\t\t\t\t\t\t        \t\tinfo@cosiam.net\t\t\t\t\t\t\t        \t<\/a>\n\t\t\t\t\t\t\t\t    <\/span>\n\t\t\t\t\t\t\t    <\/li>\n\t\t\t\t\t\t\t\n\t\t\t\t\t\t\t\t\t\t\t\t\t\t\t<li class=\"item-meta comment\">\n\t\t\t\t\t\t\t\t\t<span class=\"left author\">\n\t\t\t\t\t\t\t    \t \t<i class=\"fas fa-comments\"><\/i>\n\t\t\t\t\t\t\t    \t<\/span>\n\t\t\t\t\t\t\t\t\t\n\t\t\t\t\t\t\t\t\t<span class=\"right comment\">\n\t\t\t\t\t\t\t\t\t\t<a href=\"https:\/\/cosiam.net\/index.php\/2022\/07\/25\/everybody-loves-pineapples-and-donuts-3\/#respond\"> 0 Comment<\/a>\t\t\t\t\t\t\t\t\t<\/span>\n\t\t\t\t\t\t\t\t\t              \n\t\t\t\t\t\t\t\t<\/li>\n\t\t\t\t\t\t\t\t\t\t\t\t\t\t\n\t\t\t\t\t    <\/ul>\n\t\t\t\t\t\n\n\t\t\t\t\t\t\t\t\t\t            <h2 class=\"post-title\">\n\t\t\t\t\t\t        <a href=\"https:\/\/cosiam.net\/index.php\/2022\/07\/25\/everybody-loves-pineapples-and-donuts-3\/\" rel=\"bookmark\" title=\"Inici\u00f3 la Escuela de Matem\u00e1ticas Aplicadas EMAI 2022\">\n\t\t\t\t\t\t          Inici\u00f3 la Escuela de Matem\u00e1ticas Aplicadas EMAI 2022\t\t\t\t\t\t        <\/a>\n\t\t\t\t\t\t    <\/h2>\n\t\t\t\t\t    \n\t\t\t\t\t    \t\t\t\t\t\t    <div class=\"short_desc\">\n\t\t\t\t\t\t    \t<p>Desde el d\u00eda de hoy 25 de Julio y hasta el pr\u00f3ximo 30 de julio de 2022 tendr\u00e1 lugar la tercera versi\u00f3n de la Escuela de matem\u00e1ticas aplicadas. EMAI 2022.&nbsp;&nbsp;En esta ocasi\u00f3n, estudiantes profesores y profesionales de Colombia y el exterior asisten a uno de los siguientes cursos cortos Modelos matem\u00e1ticos en din\u00e1mica poblacional Introducci\u00f3n [&hellip;]<\/p>\n\t\t\t\t\t\t    <\/div>\n\t\t\t\t\t\t\n\t\t\t\t\t    \t\t\t\t\t<\/div>\n\t\t\t\t\t\t\n\t\t\t\t<\/li>\t\n\t\t\t\t\t\t\n\t\t\t\t\t\t\t\t<li class=\"item \">\n\n\t\t\t\t    <div class=\"media\">\n\t\t\t        \t\t\t\t        \t<img decoding=\"async\" src=\"https:\/\/cosiam.net\/wp-content\/uploads\/2022\/06\/post3.jpg\" alt=\"M\u00fasica y ciencias&#8230;.Matem\u00e1ticas\">\n\t\t\t        \t\n\t\t\t        \t\n\t\t\t\t\t\t\t\t\t\t\t\t    <div class=\"post-date\">\n\t\t\t\t\t\t\t\t<span class=\"right-j \">2<\/span>\n\t\t\t\t\t\t\t\t<span class=\"right-f yf \">junio<\/span>\n\t\t\t\t\t\t    <\/div>\n\t\t\t\t\t    \n\t\t\t\t\t\t\n\t\t\t        <\/div>\n\n\t\t\t\t\t<div class=\"content\">\n\t\t\t\t        <ul class=\"post-meta\">\n\t\t\t\t\t    \t\n\t\t\t\t\t\t    \t\t\t\t\t\t\t\t<li class=\"item-meta wp-author\">\n\t\t\t\t\t\t\t    \t<span class=\"left author\">\n\t\t\t\t\t\t\t    \t \t<i class=\"fas fa-user-circle\"><\/i>\n\t\t\t\t\t\t\t    \t<\/span>\n\t\t\t\t\t\t\t\t    <span class=\"right post-author\">\n\t\t\t\t\t\t\t        \t<a href=\"https:\/\/cosiam.net\/index.php\/author\/infocosiam-net\/\">\n\t\t\t\t\t\t\t        \t\tinfo@cosiam.net\t\t\t\t\t\t\t        \t<\/a>\n\t\t\t\t\t\t\t\t    <\/span>\n\t\t\t\t\t\t\t    <\/li>\n\t\t\t\t\t\t\t\n\t\t\t\t\t\t\t\t\t\t\t\t\t\t\t<li class=\"item-meta comment\">\n\t\t\t\t\t\t\t\t\t<span class=\"left author\">\n\t\t\t\t\t\t\t    \t \t<i class=\"fas fa-comments\"><\/i>\n\t\t\t\t\t\t\t    \t<\/span>\n\t\t\t\t\t\t\t\t\t\n\t\t\t\t\t\t\t\t\t<span class=\"right comment\">\n\t\t\t\t\t\t\t\t\t\t<a href=\"https:\/\/cosiam.net\/index.php\/2022\/06\/02\/everybody-loves-pineapples-and-donuts-2\/#respond\"> 0 Comment<\/a>\t\t\t\t\t\t\t\t\t<\/span>\n\t\t\t\t\t\t\t\t\t              \n\t\t\t\t\t\t\t\t<\/li>\n\t\t\t\t\t\t\t\t\t\t\t\t\t\t\n\t\t\t\t\t    <\/ul>\n\t\t\t\t\t\n\n\t\t\t\t\t\t\t\t\t\t            <h2 class=\"post-title\">\n\t\t\t\t\t\t        <a href=\"https:\/\/cosiam.net\/index.php\/2022\/06\/02\/everybody-loves-pineapples-and-donuts-2\/\" rel=\"bookmark\" title=\"M\u00fasica y ciencias&#8230;.Matem\u00e1ticas\">\n\t\t\t\t\t\t          M\u00fasica y ciencias&#8230;.Matem\u00e1ticas\t\t\t\t\t\t        <\/a>\n\t\t\t\t\t\t    <\/h2>\n\t\t\t\t\t    \n\t\t\t\t\t    \t\t\t\t\t\t    <div class=\"short_desc\">\n\t\t\t\t\t\t    \t<p>Para los amantes de la m\u00fasica y las matem\u00e1ticas, les invitamos a ver este agradable documental donde se resalta como las matem\u00e1ticas est\u00e1n inmersas en la creaci\u00f3n del impulso sonoro, el desarrollo r\u00edtmico, la melod\u00eda, el espectro sonoro&#8230;&#8230;.de\u00a0\u00a0la nuestra M\u00fasica occidental.<\/p>\n\t\t\t\t\t\t    <\/div>\n\t\t\t\t\t\t\n\t\t\t\t\t    \t\t\t\t\t<\/div>\n\t\t\t\t\t\t\n\t\t\t\t<\/li>\t\n\t\t\t\t\t\t\n\t\t\t\t\t\t\t\t<li class=\"item \">\n\n\t\t\t\t    <div class=\"media\">\n\t\t\t        \t\t\t\t        \t<img decoding=\"async\" src=\"https:\/\/cosiam.net\/wp-content\/uploads\/2022\/06\/post4.jpg\" alt=\"Convocatoria Laboral\">\n\t\t\t        \t\n\t\t\t        \t\n\t\t\t\t\t\t\t\t\t\t\t\t    <div class=\"post-date\">\n\t\t\t\t\t\t\t\t<span class=\"right-j \">23<\/span>\n\t\t\t\t\t\t\t\t<span class=\"right-f yf \">mayo<\/span>\n\t\t\t\t\t\t    <\/div>\n\t\t\t\t\t    \n\t\t\t\t\t\t\n\t\t\t        <\/div>\n\n\t\t\t\t\t<div class=\"content\">\n\t\t\t\t        <ul class=\"post-meta\">\n\t\t\t\t\t    \t\n\t\t\t\t\t\t    \t\t\t\t\t\t\t\t<li class=\"item-meta wp-author\">\n\t\t\t\t\t\t\t    \t<span class=\"left author\">\n\t\t\t\t\t\t\t    \t \t<i class=\"fas fa-user-circle\"><\/i>\n\t\t\t\t\t\t\t    \t<\/span>\n\t\t\t\t\t\t\t\t    <span class=\"right post-author\">\n\t\t\t\t\t\t\t        \t<a href=\"https:\/\/cosiam.net\/index.php\/author\/infocosiam-net\/\">\n\t\t\t\t\t\t\t        \t\tinfo@cosiam.net\t\t\t\t\t\t\t        \t<\/a>\n\t\t\t\t\t\t\t\t    <\/span>\n\t\t\t\t\t\t\t    <\/li>\n\t\t\t\t\t\t\t\n\t\t\t\t\t\t\t\t\t\t\t\t\t\t\t<li class=\"item-meta comment\">\n\t\t\t\t\t\t\t\t\t<span class=\"left author\">\n\t\t\t\t\t\t\t    \t \t<i class=\"fas fa-comments\"><\/i>\n\t\t\t\t\t\t\t    \t<\/span>\n\t\t\t\t\t\t\t\t\t\n\t\t\t\t\t\t\t\t\t<span class=\"right comment\">\n\t\t\t\t\t\t\t\t\t\t<a href=\"https:\/\/cosiam.net\/index.php\/2022\/05\/23\/everybody-loves-pineapples-and-donuts\/#respond\"> 0 Comment<\/a>\t\t\t\t\t\t\t\t\t<\/span>\n\t\t\t\t\t\t\t\t\t              \n\t\t\t\t\t\t\t\t<\/li>\n\t\t\t\t\t\t\t\t\t\t\t\t\t\t\n\t\t\t\t\t    <\/ul>\n\t\t\t\t\t\n\n\t\t\t\t\t\t\t\t\t\t            <h2 class=\"post-title\">\n\t\t\t\t\t\t        <a href=\"https:\/\/cosiam.net\/index.php\/2022\/05\/23\/everybody-loves-pineapples-and-donuts\/\" rel=\"bookmark\" title=\"Convocatoria Laboral\">\n\t\t\t\t\t\t          Convocatoria Laboral\t\t\t\t\t\t        <\/a>\n\t\t\t\t\t\t    <\/h2>\n\t\t\t\t\t    \n\t\t\t\t\t    \t\t\t\t\t\t    <div class=\"short_desc\">\n\t\t\t\t\t\t    \t<p>Se invita a participar en el concurso profesoral abierto<\/p>\n\t\t\t\t\t\t    <\/div>\n\t\t\t\t\t\t\n\t\t\t\t\t    \t\t\t\t\t<\/div>\n\t\t\t\t\t\t\n\t\t\t\t<\/li>\t\n\t\t\t\t\t\t\n\t\t\t\t\t\t\t\t<li class=\"item \">\n\n\t\t\t\t    <div class=\"media\">\n\t\t\t        \t\t\t\t        \t<img decoding=\"async\" src=\"https:\/\/cosiam.net\/wp-content\/uploads\/2022\/05\/post5.jpg\" alt=\"IX International Conference Days of Applied Mathematics \/ Olimpiadas de Matem\u00e1tica Aplicada\">\n\t\t\t        \t\n\t\t\t        \t\n\t\t\t\t\t\t\t\t\t\t\t\t    <div class=\"post-date\">\n\t\t\t\t\t\t\t\t<span class=\"right-j \">21<\/span>\n\t\t\t\t\t\t\t\t<span class=\"right-f yf \">mayo<\/span>\n\t\t\t\t\t\t    <\/div>\n\t\t\t\t\t    \n\t\t\t\t\t\t\n\t\t\t        <\/div>\n\n\t\t\t\t\t<div class=\"content\">\n\t\t\t\t        <ul class=\"post-meta\">\n\t\t\t\t\t    \t\n\t\t\t\t\t\t    \t\t\t\t\t\t\t\t<li class=\"item-meta wp-author\">\n\t\t\t\t\t\t\t    \t<span class=\"left author\">\n\t\t\t\t\t\t\t    \t \t<i class=\"fas fa-user-circle\"><\/i>\n\t\t\t\t\t\t\t    \t<\/span>\n\t\t\t\t\t\t\t\t    <span class=\"right post-author\">\n\t\t\t\t\t\t\t        \t<a href=\"https:\/\/cosiam.net\/index.php\/author\/infocosiam-net\/\">\n\t\t\t\t\t\t\t        \t\tinfo@cosiam.net\t\t\t\t\t\t\t        \t<\/a>\n\t\t\t\t\t\t\t\t    <\/span>\n\t\t\t\t\t\t\t    <\/li>\n\t\t\t\t\t\t\t\n\t\t\t\t\t\t\t\t\t\t\t\t\t\t\t<li class=\"item-meta comment\">\n\t\t\t\t\t\t\t\t\t<span class=\"left author\">\n\t\t\t\t\t\t\t    \t \t<i class=\"fas fa-comments\"><\/i>\n\t\t\t\t\t\t\t    \t<\/span>\n\t\t\t\t\t\t\t\t\t\n\t\t\t\t\t\t\t\t\t<span class=\"right comment\">\n\t\t\t\t\t\t\t\t\t\t<a href=\"https:\/\/cosiam.net\/index.php\/2022\/05\/21\/business-podcasts-at-different-levels\/#respond\"> 0 Comment<\/a>\t\t\t\t\t\t\t\t\t<\/span>\n\t\t\t\t\t\t\t\t\t              \n\t\t\t\t\t\t\t\t<\/li>\n\t\t\t\t\t\t\t\t\t\t\t\t\t\t\n\t\t\t\t\t    <\/ul>\n\t\t\t\t\t\n\n\t\t\t\t\t\t\t\t\t\t            <h2 class=\"post-title\">\n\t\t\t\t\t\t        <a href=\"https:\/\/cosiam.net\/index.php\/2022\/05\/21\/business-podcasts-at-different-levels\/\" rel=\"bookmark\" title=\"IX International Conference Days of Applied Mathematics \/ Olimpiadas de Matem\u00e1tica Aplicada\">\n\t\t\t\t\t\t          IX International Conference Days of Applied Mathematics \/ Olimpiadas de Matem\u00e1tica Aplicada\t\t\t\t\t\t        <\/a>\n\t\t\t\t\t\t    <\/h2>\n\t\t\t\t\t    \n\t\t\t\t\t    \t\t\t\t\t\t    <div class=\"short_desc\">\n\t\t\t\t\t\t    \t<p>La Universidad Sim\u00f3n Bol\u00edvar, en liderazgo de la coordinaci\u00f3n de Ciencias Exactas y el programa acad\u00e9mico de Matem\u00e1ticas y Ciencias de la Computaci\u00f3n de la Facultad de Ciencias B\u00e1sicas y Biom\u00e9dicas, se encuentra organizando para los d\u00edas 21,22 y 23 de septiembre del presente a\u00f1o, el evento denominado IX International Conference \/ Days of Applied [&hellip;]<\/p>\n\t\t\t\t\t\t    <\/div>\n\t\t\t\t\t\t\n\t\t\t\t\t    \t\t\t\t\t<\/div>\n\t\t\t\t\t\t\n\t\t\t\t<\/li>\t\n\t\t\t\t\t\t\n\t\t\t\t\t\t\t\t<li class=\"item \">\n\n\t\t\t\t    <div class=\"media\">\n\t\t\t        \t\t\t\t        \t<img decoding=\"async\" src=\"https:\/\/cosiam.net\/wp-content\/uploads\/2022\/04\/post6.jpg\" alt=\"Computaci\u00f3n cu\u00e1ntica en la Pontificia Universidad Javeriana Cali\">\n\t\t\t        \t\n\t\t\t        \t\n\t\t\t\t\t\t\t\t\t\t\t\t    <div class=\"post-date\">\n\t\t\t\t\t\t\t\t<span class=\"right-j \">5<\/span>\n\t\t\t\t\t\t\t\t<span class=\"right-f yf \">mayo<\/span>\n\t\t\t\t\t\t    <\/div>\n\t\t\t\t\t    \n\t\t\t\t\t\t\n\t\t\t        <\/div>\n\n\t\t\t\t\t<div class=\"content\">\n\t\t\t\t        <ul class=\"post-meta\">\n\t\t\t\t\t    \t\n\t\t\t\t\t\t    \t\t\t\t\t\t\t\t<li class=\"item-meta wp-author\">\n\t\t\t\t\t\t\t    \t<span class=\"left author\">\n\t\t\t\t\t\t\t    \t \t<i class=\"fas fa-user-circle\"><\/i>\n\t\t\t\t\t\t\t    \t<\/span>\n\t\t\t\t\t\t\t\t    <span class=\"right post-author\">\n\t\t\t\t\t\t\t        \t<a href=\"https:\/\/cosiam.net\/index.php\/author\/infocosiam-net\/\">\n\t\t\t\t\t\t\t        \t\tinfo@cosiam.net\t\t\t\t\t\t\t        \t<\/a>\n\t\t\t\t\t\t\t\t    <\/span>\n\t\t\t\t\t\t\t    <\/li>\n\t\t\t\t\t\t\t\n\t\t\t\t\t\t\t\t\t\t\t\t\t\t\t<li class=\"item-meta comment\">\n\t\t\t\t\t\t\t\t\t<span class=\"left author\">\n\t\t\t\t\t\t\t    \t \t<i class=\"fas fa-comments\"><\/i>\n\t\t\t\t\t\t\t    \t<\/span>\n\t\t\t\t\t\t\t\t\t\n\t\t\t\t\t\t\t\t\t<span class=\"right comment\">\n\t\t\t\t\t\t\t\t\t\t<a href=\"https:\/\/cosiam.net\/index.php\/2022\/05\/05\/clever-ways-to-get-your-podcast-heard\/#respond\"> 0 Comment<\/a>\t\t\t\t\t\t\t\t\t<\/span>\n\t\t\t\t\t\t\t\t\t              \n\t\t\t\t\t\t\t\t<\/li>\n\t\t\t\t\t\t\t\t\t\t\t\t\t\t\n\t\t\t\t\t    <\/ul>\n\t\t\t\t\t\n\n\t\t\t\t\t\t\t\t\t\t            <h2 class=\"post-title\">\n\t\t\t\t\t\t        <a href=\"https:\/\/cosiam.net\/index.php\/2022\/05\/05\/clever-ways-to-get-your-podcast-heard\/\" rel=\"bookmark\" title=\"Computaci\u00f3n cu\u00e1ntica en la Pontificia Universidad Javeriana Cali\">\n\t\t\t\t\t\t          Computaci\u00f3n cu\u00e1ntica en la Pontificia Universidad Javeriana Cali\t\t\t\t\t\t        <\/a>\n\t\t\t\t\t\t    <\/h2>\n\t\t\t\t\t    \n\t\t\t\t\t    \t\t\t\t\t\t    <div class=\"short_desc\">\n\t\t\t\t\t\t    \t<p>El pr\u00f3ximo 19 de Mayo de 2022 en el seminario del programa de doctorado en Ingenier\u00eda y Ciencias de la Pontificia Universidad Javeriana Cali, se impartir\u00e1 la conferencia: Preparaci\u00f3n de estados formados por 3 bits cu\u00e1nticos, a cargo del doctor Oscar M. Perdomo, profesor Titular adscrito al Departamento de Ciencias Matem\u00e1ticas de la Universidad estatal [&hellip;]<\/p>\n\t\t\t\t\t\t    <\/div>\n\t\t\t\t\t\t\n\t\t\t\t\t    \t\t\t\t\t<\/div>\n\t\t\t\t\t\t\n\t\t\t\t<\/li>\t\n\t\t\t\t\t\t\n\t\t\t\t\t\t\t\t<li class=\"item \">\n\n\t\t\t\t    <div class=\"media\">\n\t\t\t        \t\t\t\t        \t<img decoding=\"async\" src=\"https:\/\/cosiam.net\/wp-content\/uploads\/2023\/09\/postRevista.jpg\" alt=\"Publicaci\u00f3n cient\u00edfica de CoSIAM\">\n\t\t\t        \t\n\t\t\t        \t\n\t\t\t\t\t\t\t\t\t\t\t\t    <div class=\"post-date\">\n\t\t\t\t\t\t\t\t<span class=\"right-j \">16<\/span>\n\t\t\t\t\t\t\t\t<span class=\"right-f yf \">julio<\/span>\n\t\t\t\t\t\t    <\/div>\n\t\t\t\t\t    \n\t\t\t\t\t\t\n\t\t\t        <\/div>\n\n\t\t\t\t\t<div class=\"content\">\n\t\t\t\t        <ul class=\"post-meta\">\n\t\t\t\t\t    \t\n\t\t\t\t\t\t    \t\t\t\t\t\t\t\t<li class=\"item-meta wp-author\">\n\t\t\t\t\t\t\t    \t<span class=\"left author\">\n\t\t\t\t\t\t\t    \t \t<i class=\"fas fa-user-circle\"><\/i>\n\t\t\t\t\t\t\t    \t<\/span>\n\t\t\t\t\t\t\t\t    <span class=\"right post-author\">\n\t\t\t\t\t\t\t        \t<a href=\"https:\/\/cosiam.net\/index.php\/author\/infocosiam-net\/\">\n\t\t\t\t\t\t\t        \t\tinfo@cosiam.net\t\t\t\t\t\t\t        \t<\/a>\n\t\t\t\t\t\t\t\t    <\/span>\n\t\t\t\t\t\t\t    <\/li>\n\t\t\t\t\t\t\t\n\t\t\t\t\t\t\t\t\t\t\t\t\t\t\t<li class=\"item-meta comment\">\n\t\t\t\t\t\t\t\t\t<span class=\"left author\">\n\t\t\t\t\t\t\t    \t \t<i class=\"fas fa-comments\"><\/i>\n\t\t\t\t\t\t\t    \t<\/span>\n\t\t\t\t\t\t\t\t\t\n\t\t\t\t\t\t\t\t\t<span class=\"right comment\">\n\t\t\t\t\t\t\t\t\t\t<a href=\"https:\/\/cosiam.net\/index.php\/2021\/07\/16\/publicacion-cientifica-de-cosiam\/#respond\"> 0 Comment<\/a>\t\t\t\t\t\t\t\t\t<\/span>\n\t\t\t\t\t\t\t\t\t              \n\t\t\t\t\t\t\t\t<\/li>\n\t\t\t\t\t\t\t\t\t\t\t\t\t\t\n\t\t\t\t\t    <\/ul>\n\t\t\t\t\t\n\n\t\t\t\t\t\t\t\t\t\t            <h2 class=\"post-title\">\n\t\t\t\t\t\t        <a href=\"https:\/\/cosiam.net\/index.php\/2021\/07\/16\/publicacion-cientifica-de-cosiam\/\" rel=\"bookmark\" title=\"Publicaci\u00f3n cient\u00edfica de CoSIAM\">\n\t\t\t\t\t\t          Publicaci\u00f3n cient\u00edfica de CoSIAM\t\t\t\t\t\t        <\/a>\n\t\t\t\t\t\t    <\/h2>\n\t\t\t\t\t    \n\t\t\t\t\t    \t\t\t\t\t\t    <div class=\"short_desc\">\n\t\t\t\t\t\t    \t<p>La revista cient\u00edfica Mathematics https:\/\/www.mdpi.com\/journal\/mathematics public\u00f3 el pasado 3 de Julio de 2021 el art\u00edculo SIAM- Colombia MMC: A Challenge-based Math Modeling learning Strategy\u00a0\u00a0\u00a0escrito por Diana Bueno, Carlos D\u00edez y Johan Redondo en colaboraci\u00f3n con Rafael M\u00e9ndez-Romero. En este trabajo los autores presentan un estudio cualitativo de la percepci\u00f3n de los participantes en las tres [&hellip;]<\/p>\n\t\t\t\t\t\t    <\/div>\n\t\t\t\t\t\t\n\t\t\t\t\t    \t\t\t\t\t<\/div>\n\t\t\t\t\t\t\n\t\t\t\t<\/li>\t\n\t\t\t\t\t\t\n\t\t\t\t\t\t<\/ul>\n\n\t\t\n\t\t\t\t\t\t<\/div>\n\t\t\t\t<\/div>\n\t\t\t\t\t<\/div>\n\t\t\t\t<\/div>\n\t\t\t\t<\/div>\n\t\t","protected":false},"excerpt":{"rendered":"<p>Noticias 22 marzo info@cosiam.net 0 Comment Colombian Conference on Automatic Control CCAC 2023 POPAY\u00c1N-COLOMBIA.\u00a0\u00a0October 17-20 2023. The 6th IEEE Colombian Conference on Automatic Control (CCAC) will be held on October 17-20, 2023, in Popay\u00e1n-Colombia. The CCAC is the premier biannual international conference that gathers academic and industrial researchers and practitioners to discuss state-of-the-art research, advances, [&hellip;]<\/p>\n","protected":false},"author":1,"featured_media":0,"parent":0,"menu_order":0,"comment_status":"closed","ping_status":"closed","template":"elementor_header_footer","meta":{"give_campaign_id":0,"footnotes":""},"class_list":["post-4843","page","type-page","status-publish","hentry"],"campaignId":"","_links":{"self":[{"href":"https:\/\/cosiam.net\/index.php\/wp-json\/wp\/v2\/pages\/4843","targetHints":{"allow":["GET"]}}],"collection":[{"href":"https:\/\/cosiam.net\/index.php\/wp-json\/wp\/v2\/pages"}],"about":[{"href":"https:\/\/cosiam.net\/index.php\/wp-json\/wp\/v2\/types\/page"}],"author":[{"embeddable":true,"href":"https:\/\/cosiam.net\/index.php\/wp-json\/wp\/v2\/users\/1"}],"replies":[{"embeddable":true,"href":"https:\/\/cosiam.net\/index.php\/wp-json\/wp\/v2\/comments?post=4843"}],"version-history":[{"count":14,"href":"https:\/\/cosiam.net\/index.php\/wp-json\/wp\/v2\/pages\/4843\/revisions"}],"predecessor-version":[{"id":4861,"href":"https:\/\/cosiam.net\/index.php\/wp-json\/wp\/v2\/pages\/4843\/revisions\/4861"}],"wp:attachment":[{"href":"https:\/\/cosiam.net\/index.php\/wp-json\/wp\/v2\/media?parent=4843"}],"curies":[{"name":"wp","href":"https:\/\/api.w.org\/{rel}","templated":true}]}}